{"id":4337,"date":"2019-06-19T12:56:55","date_gmt":"2019-06-19T10:56:55","guid":{"rendered":"https:\/\/www.stellwerk-zukunft.de\/?page_id=4337"},"modified":"2025-08-26T10:48:38","modified_gmt":"2025-08-26T08:48:38","slug":"hilfen-zur-erziehung-2-2-2-2","status":"publish","type":"page","link":"https:\/\/www.stellwerk-zukunft.de\/?page_id=4337","title":{"rendered":"Aufsuchende Familientherapie"},"content":{"rendered":"<div class=\"wpb-content-wrapper\"><p>[vc_row][vc_column width=&#8220;2\/3&#8243;][vc_empty_space]<h2 style=\"color:#578627;\" class=\" title left\">Aufsuchende Familientherapie (AFT)<\/h2>[vc_empty_space]<div class=\"nicdark_divider  left small \"><span style=\"background-color:#578627;\" class=\"nicdark_radius\"><\/span><\/div>[vc_empty_space][vc_column_text]<\/p>\n<p style=\"text-align: center;\"><em><span style=\"color: #808080;\"><span style=\"font-size: 8pt;\">\u201eWo keine Hoffnung ist, muss man sie erfinden\u201c<\/span><\/span><\/em><\/p>\n<p style=\"text-align: center;\"><span style=\"color: #808080;\"><em><span style=\"font-size: 8pt;\">Francisco Goya<\/span> <\/em><\/span><\/p>\n<p>[\/vc_column_text][vc_empty_space height=&#8220;12px&#8220;][vc_column_text]<\/p>\n<h3><span style=\"color: #578627;\">Zielgruppe:<\/span><\/h3>\n<p>&nbsp;<\/p>\n<p>Die Aufsuchende Familientherapie (AFT) ist ein systemisch-therapeutisches Konzept. AFT soll Familien erreichen, die mit herk\u00f6mmlichen therapeutischen und Jugendhilfeangeboten nicht oder nicht mehr erreichbar sind. Die AFT richtet sich an Familien mit, z.B.<\/p>\n<ul>\n<li>Strukturellen Problemen (z.B. eskalierenden Beziehungskonflikten)<\/li>\n<li>Starker Ambivalenz in Bezug auf den Zusammenhalt der Familie und den damit verbundenen Fragen zur m\u00f6glichen Fremdunterbringung der Kinder<\/li>\n<li>Aktuelle Krisen (z.B. Adoleszenz-Krisen)<\/li>\n<li>Chronischen klinischen Symptomen (z.B. Sucht, Depression, ADHS)<\/li>\n<\/ul>\n<h3><\/h3>\n<p><a href=\"https:\/\/www.stellwerk-zukunft.de\/wp-content\/uploads\/2019\/06\/AdobeStock_52849545.jpg\"><img loading=\"lazy\" decoding=\"async\" class=\"wp-image-4358 size-medium aligncenter\" src=\"https:\/\/www.stellwerk-zukunft.de\/wp-content\/uploads\/2019\/06\/AdobeStock_52849545-300x200.jpg\" alt=\"\" width=\"300\" height=\"200\" srcset=\"https:\/\/www.stellwerk-zukunft.de\/wp-content\/uploads\/2019\/06\/AdobeStock_52849545-300x200.jpg 300w, https:\/\/www.stellwerk-zukunft.de\/wp-content\/uploads\/2019\/06\/AdobeStock_52849545-768x511.jpg 768w, https:\/\/www.stellwerk-zukunft.de\/wp-content\/uploads\/2019\/06\/AdobeStock_52849545-1024x682.jpg 1024w, https:\/\/www.stellwerk-zukunft.de\/wp-content\/uploads\/2019\/06\/AdobeStock_52849545-1180x786.jpg 1180w, https:\/\/www.stellwerk-zukunft.de\/wp-content\/uploads\/2019\/06\/AdobeStock_52849545.jpg 1903w\" sizes=\"auto, (max-width: 300px) 100vw, 300px\" \/><\/a><\/p>\n<h3><\/h3>\n<h3><\/h3>\n<h3><span style=\"color: #578627;\">Ziele:<\/span><\/h3>\n<p>&nbsp;<\/p>\n<p>Die Ziele werden zu Beginn der Ma\u00dfnahme gemeinsam mit der Familie, dem Jugendamt und den Therapeuten beschrieben und k\u00f6nnen sein:<\/p>\n<ul>\n<li>\u00fcber neue\/ funktionale Handlungsmuster und alternative Handlungsm\u00f6glichkeiten Ressourcen freizulegen<\/li>\n<li>Ver\u00e4nderungsprozesse mit den Familien zu aktivieren<\/li>\n<li>Arbeit an bisher unbewussten inneren Konflikten und den damit verbundenen Verstrickungen in den aktuellen Beziehungen<\/li>\n<li>Beziehungs- und Rollenkl\u00e4rung<\/li>\n<li>\u00dcbernahme und St\u00e4rkung der Erziehungsverantwortung der Eltern<\/li>\n<li>Beendigung von Gewalt<\/li>\n<li>Auseinandersetzung mit dem Suchtverhalten im Familiensystem<\/li>\n<li>St\u00e4rkung der Rolle der Eltern im Bildungsverlauf der Kinder<\/li>\n<li>Vermeidung von Fremdplatzierung<\/li>\n<li>Begleitung der R\u00fcckf\u00fchrung bzw. Erarbeiten eines geeigneten Ortes f\u00fcr Kinder und Jugendliche<\/li>\n<li>Zusammenarbeit mit Netzwerkpartnern und Institutionen<\/li>\n<\/ul>\n<p>&nbsp;<\/p>\n<p>&nbsp;<\/p>\n<h3><span style=\"color: #578627;\">AFT-Therapieprozess in der Familie:<\/span><\/h3>\n<p>&nbsp;<\/p>\n<ol>\n<li>Vorlaufphase:<\/li>\n<\/ol>\n<p>Krisensituationen, Destabilisierung in der Familie, Ver\u00e4nderungsdruck von<\/p>\n<p>au\u00dfen, Hilfeplangespr\u00e4che, Entscheidung zur AFT, Zustimmung der Eltern zur<\/p>\n<p>HzE, Fallvermittlung an AFT<\/p>\n<ol start=\"2\">\n<li>Phase<\/li>\n<\/ol>\n<p>Auftragskl\u00e4rung und Ressourcenorientierung: Herausstellen von F\u00e4higkeiten, St\u00e4rken und Kompetenzen, Einflussnahme auf bisherige defizit\u00e4re Wahrnehmung Ver\u00e4nderungsdruck von au\u00dfen nutzen, Triangulation\/De-Triangulation<\/p>\n<ol start=\"3\">\n<li>Phase<\/li>\n<\/ol>\n<p>Probleml\u00f6sung und Musterver\u00e4nderung \/ Krisen: Erarbeiten von konstruktiveren, Probleml\u00f6sungen, Reflexion von weiterbestehenden Problemen Entwicklung von alternativen Probleml\u00f6sungsstrategien, Ausbau von M\u00f6glichkeiten der Krisenbew\u00e4ltigung, M\u00f6glichst Anwesenheit von vielen Familienmitgliedern<\/p>\n<ol start=\"4\">\n<li>Phase:<\/li>\n<\/ol>\n<p>Bilanzierung bisher Erreichtem Stabilisierung \/ Abschluss \u2013 Zeitr\u00e4ume zur \u201eErprobung\u201c werden verl\u00e4ngert, Respektierung der Grenzen der Entwicklung, (keine weiteren neuen Zielsetzungen), Vorfall\/R\u00fcckfall-prophylaxe, Austesten als Thema Entwicklung m\u00f6glicher zuk\u00fcnftiger Krisenszenarien und deren Gestaltung, Ver\u00e4nderungen(=Verantwortung) der Familie anlasten, Berichtserstellung, HPGs, Abschlussgespr\u00e4ch mit Familie und JA, Verabschiedung<\/p>\n<ol start=\"5\">\n<li>Phase:<\/li>\n<\/ol>\n<p>Katamnese Gespr\u00e4ch, Gemeinsame Reflexion mit ASD-SozialarbeiterIn bei erneuten Problemen (Austesten) in Familie<\/p>\n<p>[\/vc_column_text][vc_empty_space height=&#8220;12px&#8220;][vc_column_text]<\/p>\n<p style=\"text-align: center;\"><span style=\"color: #578627;\"><span style=\"font-size: 10pt;\">Wir arbeiten auf Grundlage der\u00a0 <span style=\"color: #578627;\"><a style=\"color: #578627;\" href=\"https:\/\/www.dgsf.org\/zertifizierung\/qualitaetskriterien\" target=\"_blank\" rel=\"noopener noreferrer\">Qualit\u00e4tsstandards der DGSF zur Aufsuchenden Familientherapie<\/a><\/span><\/span><br \/>\n<\/span><\/p>\n<p>[\/vc_column_text][vc_empty_space height=&#8220;12px&#8220;][vc_row_inner css=&#8220;.vc_custom_1556200120104{background-color: #f4f4f4 !important;border-radius: 10px !important;}&#8220;][vc_column_inner width=&#8220;1\/6&#8243;][vc_icon icon_fontawesome=&#8220;fa fa-comments&#8220; color=&#8220;green&#8220; size=&#8220;xl&#8220; align=&#8220;right&#8220;][\/vc_column_inner][vc_column_inner width=&#8220;1\/3&#8243;][vc_column_text]<span style=\"font-size: 10pt;\">Ansprechpartnerinnen f\u00fcr<\/span><\/p>\n<p><span style=\"font-size: 10pt;\">Landkreis Osnabr\u00fcck &#8211; Sozialraum 1:<\/span><br \/>\n<strong><span style=\"font-size: 10pt;\">Manuela Dr\u00f6ge<\/span><\/strong>[\/vc_column_text][vc_icon icon_fontawesome=&#8220;fa fa-envelope-open&#8220; color=&#8220;green&#8220; size=&#8220;xs&#8220; css=&#8220;.vc_custom_1556199359714{margin-top: -15px !important;margin-bottom: -5px !important;border-top-width: -15px !important;border-bottom-width: -5px !important;padding-top: -15px !important;padding-bottom: -5px !important;}&#8220; link=&#8220;url:mailto%3Adroege%40stellwerk-zukunft.de|||&#8220;][vc_column_text]<span style=\"font-size: 10pt;\">Landkreise Vechta, Diepholz und Osnabr\u00fcck (SR 2 und h\u00f6her):<\/span><br \/>\n<strong><span style=\"font-size: 10pt;\">Martina Helmes<\/span><\/strong>[\/vc_column_text][vc_icon icon_fontawesome=&#8220;fa fa-envelope-open&#8220; color=&#8220;green&#8220; size=&#8220;xs&#8220; css=&#8220;.vc_custom_1556199379305{margin-top: -15px !important;margin-bottom: -5px !important;border-top-width: -15px !important;border-bottom-width: -5px !important;padding-top: -15px !important;padding-bottom: -5px !important;}&#8220; link=&#8220;url:mailto%3Am.helmes%40stellwerk-zukunft.de|||&#8220;][\/vc_column_inner][vc_column_inner width=&#8220;1\/6&#8243;][vc_icon icon_fontawesome=&#8220;fa fa-file-text&#8220; color=&#8220;green&#8220; size=&#8220;xl&#8220; align=&#8220;right&#8220; link=&#8220;url:https%3A%2F%2Fwww.stellwerk-zukunft.de%2Fwp-content%2Fuploads%2F2019%2F06%2FAFT.pdf||target:%20_blank|&#8220;][\/vc_column_inner][vc_column_inner width=&#8220;1\/3&#8243;][vc_column_text]<a href=\"https:\/\/www.stellwerk-zukunft.de\/wp-content\/uploads\/2019\/06\/AFT.pdf\" target=\"_blank\" rel=\"noopener noreferrer\"><strong>Handout<\/strong> <\/a>&#8211; \u00dcberblick zur Aufsuchenden Familientherapie bei Stellwerk Zukunft[\/vc_column_text][\/vc_column_inner][\/vc_row_inner][\/vc_column][vc_column width=&#8220;1\/3&#8243;][vc_empty_space][vc_row_inner css=&#8220;.vc_custom_1556181889736{padding-top: 0px !important;padding-right: 0px !important;padding-bottom: 0px !important;padding-left: 0px !important;background-color: #f4f4f4 !important;border-radius: 10px !important;}&#8220;][vc_column_inner]\n\n    <div class=\" nicdark_archive1 nicdark_relative\">\n        \n        <div class=\"nicdark_btn_iconbg nicdark_bg_green nicdark_absolute extrabig nicdark_shadow nicdark_radius\"><div><i class=\"icon-info nicdark_iconbg left big white\"><\/i><\/div><\/div>\n    \n        <div class=\"nicdark_activity nicdark_marginleft100\">\n            <h4>zentrale Qualit\u00e4tskriterien<\/h4>                        \n            <div class=\"nicdark_space20\"><\/div>\n            <p>die Arbeit findet aufsuchend durch zwei Co-Therapeut\/innen statt.<br \/>\nDauer der AFT: 28 Einheiten in einem Zeitraum von 28-52 Wochen,<br \/>\nRichtgr\u00f6\u00dfe des Zeitbudgets \/ Verg\u00fctung ist ein Stundenkontingent von 28 Einheiten \u00e1 9 Stunden,<\/p>\n<p>AFT-MitarbeiterInnen verf\u00fcgen \u00fcber eine mindestens 3-j\u00e4hrige familien-therapeutische\/systemische Weiterbildung an einem DGSF- bzw. SG-anerkannten Institut, sowie regelm\u00e4\u00dfige Supervision, Dokumentation und Evaluation<\/p>\n            <div class=\"nicdark_space20\"><\/div>\n            \n            <div class=\"nicdark_space5\"><\/div>\n        <\/div>\n    <\/div>\n      \n   [\/vc_column_inner][\/vc_row_inner][vc_empty_space]<div class=\"nicdark_divider  left small \"><span style=\"background-color:#578627;\" class=\"nicdark_radius\"><\/span><\/div>[vc_empty_space]\n\n\n   <div class=\" nicdark_archive1 nicdark_bg_green nicdark_radius nicdark_shadow\">\n\n        <div class=\"nicdark_textevidence nicdark_width_percentage40 nicdark_width100_responsive\">\n            <img decoding=\"async\" alt=\"\" class=\"nicdark_radius_left nicdark_opacity\" src=\"https:\/\/www.stellwerk-zukunft.de\/wp-content\/uploads\/2015\/12\/Martina_Helmes-1-350px.jpg\">\n        <\/div>\n        \n        <div class=\"nicdark_textevidence nicdark_width_percentage60 nicdark_width100_responsive\">\n            <div class=\"nicdark_margin20\">\n            \n                <h4 class=\"white\">Martina Helmes<\/h4>                        \n                <div class=\"nicdark_space20\"><\/div>\n                <div class=\"nicdark_divider left small\"><span class=\"nicdark_bg_white nicdark_radius\"><\/span><\/div>\n                <div class=\"nicdark_space20\"><\/div>\n                <p class=\"white\">Dipl. Soz. P\u00e4d.\/ Soz. Arb.<br \/>\nDiplom-P\u00e4dagogin<br \/>\nSystem. Familientherapeutin (DGSF)<\/p>\n                <div class=\"nicdark_space20\"><\/div>\n                \n\n            <\/div>\n        <\/div>\n\n        \n\n    <\/div>\n\n   [vc_row_inner][vc_column_inner width=&#8220;1\/2&#8243;][vc_icon icon_fontawesome=&#8220;fa fa-info-circle&#8220; color=&#8220;custom&#8220; size=&#8220;sm&#8220; align=&#8220;center&#8220; custom_color=&#8220;#578627&#8243; link=&#8220;url:https%3A%2F%2Fwww.stellwerk-zukunft.de%2F%3Fpage_id%3D3913|title:Infos%20zu%20Martina%20Helmes|target:%20_blank|&#8220;][\/vc_column_inner][vc_column_inner width=&#8220;1\/2&#8243;][vc_icon icon_fontawesome=&#8220;fa fa-envelope&#8220; color=&#8220;custom&#8220; size=&#8220;sm&#8220; align=&#8220;center&#8220; custom_color=&#8220;#578627&#8243; link=&#8220;url:mailto%3Am.helmes%40stellwerk-zukunft.de|title:e-Mail%20an%20Martina%20Helmes||&#8220;][\/vc_column_inner][\/vc_row_inner]\n\n\n   <div class=\" nicdark_archive1 nicdark_bg_green nicdark_radius nicdark_shadow\">\n\n        <div class=\"nicdark_textevidence nicdark_width_percentage40 nicdark_width100_responsive\">\n            <img decoding=\"async\" alt=\"\" class=\"nicdark_radius_left nicdark_opacity\" src=\"https:\/\/www.stellwerk-zukunft.de\/wp-content\/uploads\/2019\/04\/Manuela_Droege-neu.jpg\">\n        <\/div>\n        \n        <div class=\"nicdark_textevidence nicdark_width_percentage60 nicdark_width100_responsive\">\n            <div class=\"nicdark_margin20\">\n            \n                <h4 class=\"white\">Manuela M\u00f6hlenlamp<\/h4>                        \n                <div class=\"nicdark_space20\"><\/div>\n                <div class=\"nicdark_divider left small\"><span class=\"nicdark_bg_white nicdark_radius\"><\/span><\/div>\n                <div class=\"nicdark_space20\"><\/div>\n                <p class=\"white\">Dipl. P\u00e4dagogin<br \/>\nSystem- und Familientherapeutin (DGSF)<br \/>\nSystemischer Coach (IFW)<\/p>\n                <div class=\"nicdark_space20\"><\/div>\n                \n\n            <\/div>\n        <\/div>\n\n        \n\n    <\/div>\n\n   [vc_row_inner][vc_column_inner width=&#8220;1\/2&#8243;][vc_icon type=&#8220;openiconic&#8220; icon_openiconic=&#8220;vc-oi vc-oi-info&#8220; color=&#8220;custom&#8220; size=&#8220;sm&#8220; align=&#8220;center&#8220; css=&#8220;&#8220; custom_color=&#8220;#578627&#8243; link=&#8220;url:https%3A%2F%2Fwww.stellwerk-zukunft.de%2F%3Fpage_id%3D3863|title:Infos%20zu%20Manuela%20M%C3%B6hlenkamp|target:_blank&#8220;][\/vc_column_inner][vc_column_inner width=&#8220;1\/2&#8243;][vc_icon icon_fontawesome=&#8220;fas fa-envelope&#8220; color=&#8220;custom&#8220; size=&#8220;sm&#8220; align=&#8220;center&#8220; css=&#8220;&#8220; custom_color=&#8220;#578627&#8243; link=&#8220;url:mailto%3Amoehlenkamp%40stellwerk-zukunft.de|title:e-Mail%20an%20Manuela%20M%C3%B6hlenkamp&#8220;][\/vc_column_inner][\/vc_row_inner]\n\n\n   <div class=\" nicdark_archive1 nicdark_bg_green nicdark_radius nicdark_shadow\">\n\n        <div class=\"nicdark_textevidence nicdark_width_percentage40 nicdark_width100_responsive\">\n            <img decoding=\"async\" alt=\"\" class=\"nicdark_radius_left nicdark_opacity\" src=\"https:\/\/www.stellwerk-zukunft.de\/wp-content\/uploads\/2019\/07\/Anna-1024x1024.jpg\">\n        <\/div>\n        \n        <div class=\"nicdark_textevidence nicdark_width_percentage60 nicdark_width100_responsive\">\n            <div class=\"nicdark_margin20\">\n            \n                <h4 class=\"white\">Anna Oevermann<\/h4>                        \n                <div class=\"nicdark_space20\"><\/div>\n                <div class=\"nicdark_divider left small\"><span class=\"nicdark_bg_white nicdark_radius\"><\/span><\/div>\n                <div class=\"nicdark_space20\"><\/div>\n                <p class=\"white\">Dipl. P\u00e4dagogin<br \/>\nSystem. Familientherapeutin (DGFS)<br \/>\nSystem. Coach der neuen Autorit\u00e4t<\/p>\n                <div class=\"nicdark_space20\"><\/div>\n                \n\n            <\/div>\n        <\/div>\n\n        \n\n    <\/div>\n\n   [vc_row_inner][vc_column_inner width=&#8220;1\/2&#8243;][vc_icon icon_fontawesome=&#8220;fa fa-info-circle&#8220; color=&#8220;custom&#8220; size=&#8220;sm&#8220; align=&#8220;center&#8220; custom_color=&#8220;#578627&#8243; link=&#8220;url:https%3A%2F%2Fwww.stellwerk-zukunft.de%2F%3Fpage_id%3D3885|title:Infos%20zu%20Anna%20Oevermann|target:%20_blank|&#8220;][\/vc_column_inner][vc_column_inner width=&#8220;1\/2&#8243;][vc_icon icon_fontawesome=&#8220;fa fa-envelope&#8220; color=&#8220;custom&#8220; size=&#8220;sm&#8220; align=&#8220;center&#8220; custom_color=&#8220;#578627&#8243; link=&#8220;url:mailto%3Aoevermann%40stellwerk-zukunft.de|title:e-Mail%20an%20Anna%20Oevermann||&#8220;][\/vc_column_inner][\/vc_row_inner]\n\n\n   <div class=\" nicdark_archive1 nicdark_bg_green nicdark_radius nicdark_shadow\">\n\n        <div class=\"nicdark_textevidence nicdark_width_percentage40 nicdark_width100_responsive\">\n            <img decoding=\"async\" alt=\"\" class=\"nicdark_radius_left nicdark_opacity\" src=\"https:\/\/www.stellwerk-zukunft.de\/wp-content\/uploads\/2015\/12\/Marc_Clemens-1-350px.jpg\">\n        <\/div>\n        \n        <div class=\"nicdark_textevidence nicdark_width_percentage60 nicdark_width100_responsive\">\n            <div class=\"nicdark_margin20\">\n            \n                <h4 class=\"white\">Marc Clemens<\/h4>                        \n                <div class=\"nicdark_space20\"><\/div>\n                <div class=\"nicdark_divider left small\"><span class=\"nicdark_bg_white nicdark_radius\"><\/span><\/div>\n                <div class=\"nicdark_space20\"><\/div>\n                <p class=\"white\">Dipl. Soz. P\u00e4d.\/ Soz.Arb.<br \/>\nSystemischer Familientherapeut (DGSF)<br \/>\nSystemischer Supervisor und Coach (SG)<\/p>\n                <div class=\"nicdark_space20\"><\/div>\n                \n\n            <\/div>\n        <\/div>\n\n        \n\n    <\/div>\n\n   [vc_row_inner][vc_column_inner width=&#8220;1\/2&#8243;][vc_icon icon_fontawesome=&#8220;fa fa-info-circle&#8220; color=&#8220;custom&#8220; size=&#8220;sm&#8220; align=&#8220;center&#8220; custom_color=&#8220;#578627&#8243; link=&#8220;url:https%3A%2F%2Fwww.stellwerk-zukunft.de%2F%3Fpage_id%3D3931|title:Infos%20zu%20Marc%20Clermens|target:%20_blank|&#8220;][\/vc_column_inner][vc_column_inner width=&#8220;1\/2&#8243;][vc_icon icon_fontawesome=&#8220;fa fa-envelope&#8220; color=&#8220;custom&#8220; size=&#8220;sm&#8220; align=&#8220;center&#8220; custom_color=&#8220;#578627&#8243; link=&#8220;url:mailto%3Aclemens%40stellwerk-zukunft.de|title:e-Mail%20an%20Marc%20Clermens||&#8220;][\/vc_column_inner][\/vc_row_inner]\n\n\n   <div class=\" nicdark_archive1 nicdark_bg_green nicdark_radius nicdark_shadow\">\n\n        <div class=\"nicdark_textevidence nicdark_width_percentage40 nicdark_width100_responsive\">\n            <img decoding=\"async\" alt=\"\" class=\"nicdark_radius_left nicdark_opacity\" src=\"https:\/\/www.stellwerk-zukunft.de\/wp-content\/uploads\/2015\/12\/Sebastian_Bortz-1-350px.jpg\">\n        <\/div>\n        \n        <div class=\"nicdark_textevidence nicdark_width_percentage60 nicdark_width100_responsive\">\n            <div class=\"nicdark_margin20\">\n            \n                <h4 class=\"white\">Sebastian Bortz<\/h4>                        \n                <div class=\"nicdark_space20\"><\/div>\n                <div class=\"nicdark_divider left small\"><span class=\"nicdark_bg_white nicdark_radius\"><\/span><\/div>\n                <div class=\"nicdark_space20\"><\/div>\n                <p class=\"white\">Dipl. Reha- Psychologe<br \/>\nSchema-Therapie (IST)<br \/>\nAufsuchende Familientherapie (DGSF)<\/p>\n                <div class=\"nicdark_space20\"><\/div>\n                \n\n            <\/div>\n        <\/div>\n\n        \n\n    <\/div>\n\n   [vc_row_inner][vc_column_inner][vc_icon icon_fontawesome=&#8220;fa fa-envelope&#8220; color=&#8220;custom&#8220; size=&#8220;sm&#8220; align=&#8220;center&#8220; custom_color=&#8220;#578627&#8243; link=&#8220;url:mailto%3Abortz%40stellwerk-zukunft.de|title:e-Mail%20an%20Sebastian%20Bortz||&#8220;][\/vc_column_inner][\/vc_row_inner][\/vc_column][\/vc_row][vc_row css=&#8220;.vc_custom_1452691332639{margin-top: 40px !important;margin-bottom: 40px !important;}&#8220;][vc_column css=&#8220;.vc_custom_1452702212154{padding-right: 0px !important;padding-left: 0px !important;}&#8220;]<h2 style=\"color:#578627;\" class=\" title left\">Spezielle Angebote im Bereich der Hilfen zur Erziehung:<\/h2>[vc_empty_space height=&#8220;12px&#8220;]<div class=\"nicdark_divider  left small \"><span style=\"background-color:#578627;\" class=\"nicdark_radius\"><\/span><\/div>[\/vc_column][\/vc_row][vc_row css=&#8220;.vc_custom_1556032568198{padding-top: 30px !important;padding-bottom: 10px !important;background-color: #578627 !important;background-position: center !important;background-repeat: no-repeat !important;background-size: cover !important;}&#8220;][vc_column width=&#8220;1\/4&#8243;][vc_btn title=&#8220;Systemisches ambulantes Clearing&#8220; style=&#8220;3d&#8220; color=&#8220;default&#8220; link=&#8220;url:https%3A%2F%2Fwww.stellwerk-zukunft.de%2F%3Fpage_id%3D4049|||&#8220;][vc_btn title=&#8220;Gruppen- und Freizeitangebot&#8220; style=&#8220;3d&#8220; color=&#8220;default&#8220; link=&#8220;|||&#8220;][\/vc_column][vc_column width=&#8220;1\/4&#8243;][vc_btn title=&#8220;passgenaue Hilfen (SPFH, EZB etc.)&#8220; style=&#8220;3d&#8220; color=&#8220;default&#8220; link=&#8220;url:https%3A%2F%2Fwww.stellwerk-zukunft.de%2F%3Fpage_id%3D3759|||&#8220;][vc_btn title=&#8220;Multi-Familien-Therapie (MFT)&#8220; style=&#8220;3d&#8220; color=&#8220;default&#8220; link=&#8220;|||&#8220;][\/vc_column][vc_column width=&#8220;1\/4&#8243;][vc_btn title=&#8220;aufsuchende Familientherapie (AFT)&#8220; style=&#8220;3d&#8220; color=&#8220;default&#8220; link=&#8220;url:https%3A%2F%2Fwww.stellwerk-zukunft.de%2F%3Fpage_id%3D4337|title:Aufsuchende%20Familientherapie||&#8220;][vc_btn title=&#8220;Fachberatung und Fortbildung&#8220; style=&#8220;3d&#8220; color=&#8220;default&#8220; link=&#8220;|||&#8220;][\/vc_column][vc_column width=&#8220;1\/4&#8243;][vc_btn title=&#8220;Systemisches Elterncoaching&#8220; style=&#8220;3d&#8220; color=&#8220;default&#8220; link=&#8220;url:https%3A%2F%2Fwww.stellwerk-zukunft.de%2F%3Fpage_id%3D4368|title:Elterncoaching||&#8220;][\/vc_column][\/vc_row][vc_row css=&#8220;.vc_custom_1452691332639{margin-top: 40px !important;margin-bottom: 40px !important;}&#8220;][vc_column css=&#8220;.vc_custom_1452702212154{padding-right: 0px !important;padding-left: 0px !important;}&#8220;]<h2 style=\"color:#578627;\" class=\" title left\">Aktuelle News und Veranstaltungen:<\/h2>[vc_empty_space height=&#8220;12px&#8220;]<div class=\"nicdark_divider  left small \"><span style=\"background-color:#578627;\" class=\"nicdark_radius\"><\/span><\/div>[vc_empty_space height=&#8220;12px&#8220;]<div class=\"nicdark_masonry_btns\"><div class=\"nicdark_margin10\"><a data-filter=\"*\" class=\"nicdark_bg_grey2_hover nicdark_transition nicdark_btn nicdark_bg_grey small nicdark_shadow nicdark_radius grey\">ALL<\/a><\/div><div class=\"nicdark_margin10\"><a data-filter=\".hilfen-zur-erziehung\" class=\"nicdark_bg_grey2_hover nicdark_transition nicdark_btn nicdark_bg_grey small nicdark_shadow nicdark_radius grey\">Hilfen zur Erziehung<\/a><\/div><div class=\"nicdark_space10\"><\/div><\/div><div class=\"nicdark_masonry_container nicdark_filter\">\n\n\t\t<div style=\"box-sizing:border-box;\" class=\"grid grid_3 percentage nicdark_padding10 nicdark_masonry_item  hilfen-zur-erziehung  news \">\n\t\t\t\n\n\t\t\t\t<div class=\"nicdark_archive1 nicdark_bg_green nicdark_radius nicdark_shadow\">  \n\n\t\t\t\t\t<a href=\"https:\/\/www.stellwerk-zukunft.de\/?p=6549\" class=\"nicdark_zoom nicdark_btn_icon nicdark_bg_green nicdark_border_greendark white medium nicdark_radius_circle nicdark_absolute_left\"><i class=\"icon-link-outline\"><\/i><\/a><div class=\"nicdark_featured_image\"><img decoding=\"async\" alt=\"\" src=\"https:\/\/www.stellwerk-zukunft.de\/wp-content\/uploads\/2022\/01\/Weihnachten2-768x1024.jpg\"><\/div>\n\t\t\t\t\t                    \n                    <div class=\"nicdark_margin20 nicdark_post_archive\">\n                        <h4 class=\"white\">Danke f\u00fcr eine wirklich tolle Aktion<\/h4>\n                        <div class=\"nicdark_space20\"><\/div>\n                        <div class=\"nicdark_divider left small\"><span class=\"nicdark_bg_white nicdark_radius\"><\/span><\/div>\n                        <div class=\"nicdark_space20\"><\/div>\n                        <p class=\"white\">Nein, die Geschenke sind nicht alle f\u00fcr uns, nicht mal von uns. Sondern &#8230;<\/p>\n                        <div class=\"nicdark_space20\"><\/div>\n                        <a href=\"https:\/\/www.stellwerk-zukunft.de\/?p=6549\" class=\"white nicdark_btn\"><i class=\"icon-doc-text-1 \"><\/i>Read More<\/a>                        \n                    <\/div>\n\n                    <i class=\"icon-pencil-1 nicdark_iconbg right medium green\"><\/i>\n\n                <\/div>\n\n\t\t\t\n\t\t<\/div>\n\n      \n\n\t\t<div style=\"box-sizing:border-box;\" class=\"grid grid_3 percentage nicdark_padding10 nicdark_masonry_item  hilfen-zur-erziehung  news \">\n\t\t\t\n\n\t\t\t\t<div class=\"nicdark_archive1 nicdark_bg_orange nicdark_radius nicdark_shadow\">  \n\n\t\t\t\t\t<a href=\"https:\/\/www.stellwerk-zukunft.de\/?p=6555\" class=\"nicdark_zoom nicdark_btn_icon nicdark_bg_orange nicdark_border_orangedark white medium nicdark_radius_circle nicdark_absolute_left\"><i class=\"icon-link-outline\"><\/i><\/a><div class=\"nicdark_featured_image\"><img decoding=\"async\" alt=\"\" src=\"https:\/\/www.stellwerk-zukunft.de\/wp-content\/uploads\/2022\/01\/Spende.jpg\"><\/div>\n\t\t\t\t\t                    \n                    <div class=\"nicdark_margin20 nicdark_post_archive\">\n                        <h4 class=\"white\">Lions Club Amicitia unterst\u00fctz Familien<\/h4>\n                        <div class=\"nicdark_space20\"><\/div>\n                        <div class=\"nicdark_divider left small\"><span class=\"nicdark_bg_white nicdark_radius\"><\/span><\/div>\n                        <div class=\"nicdark_space20\"><\/div>\n                        <p class=\"white\">Viele Menschen erleben, dass ein gem\u00fctlicher R\u00fcckzugsort in diesen Zeiten ein wahrer Schatz sein kann &#8211; leider nicht alle.<\/p>\n                        <div class=\"nicdark_space20\"><\/div>\n                        <a href=\"https:\/\/www.stellwerk-zukunft.de\/?p=6555\" class=\"white nicdark_btn\"><i class=\"icon-doc-text-1 \"><\/i>Read More<\/a>                        \n                    <\/div>\n\n                    <i class=\"icon-pencil-1 nicdark_iconbg right medium orange\"><\/i>\n\n                <\/div>\n\n\t\t\t\n\t\t<\/div>\n\n      \n\n\t\t<div style=\"box-sizing:border-box;\" class=\"grid grid_3 percentage nicdark_padding10 nicdark_masonry_item  hilfen-zur-erziehung  news \">\n\t\t\t\n\n\t\t\t\t<div class=\"nicdark_archive1 nicdark_bg_green nicdark_radius nicdark_shadow\">  \n\n\t\t\t\t\t<a href=\"https:\/\/www.stellwerk-zukunft.de\/?p=4578\" class=\"nicdark_zoom nicdark_btn_icon nicdark_bg_green nicdark_border_greendark white medium nicdark_radius_circle nicdark_absolute_left\"><i class=\"icon-link-outline\"><\/i><\/a><div class=\"nicdark_featured_image\"><img decoding=\"async\" alt=\"\" src=\"https:\/\/www.stellwerk-zukunft.de\/wp-content\/uploads\/2017\/06\/Fotolia_75203534-klein-1024x684.jpg\"><\/div>\n\t\t\t\t\t                    \n                    <div class=\"nicdark_margin20 nicdark_post_archive\">\n                        <h4 class=\"white\">KiTS<\/h4>\n                        <div class=\"nicdark_space20\"><\/div>\n                        <div class=\"nicdark_divider left small\"><span class=\"nicdark_bg_white nicdark_radius\"><\/span><\/div>\n                        <div class=\"nicdark_space20\"><\/div>\n                        <p class=\"white\">[vc_row][vc_column width=&#8220;2\/3&#8243;][vc_empty_space height=&#8220;12px&#8220;][vc_column_text]Wir bieten wir unter der Leitung zwei p\u00e4dagogischer und therapeutischer Fachkr\u00e4fte (Frau Dr\u00f6ge und Frau Weil) \u00a0ein Gruppenangebot f\u00fcr Kinder im Alter von 7-11 Jahren im Raum F\u00fcrstenau an, denen wir die M\u00f6glichkeit bieten sich in einem gesch\u00fctzten Rahmen im Zeitraum vom 18.11.2019 \u2013 03.02.2020 einmal w\u00f6chentlich auszutauschen. &nbsp;<\/p>\n                        <div class=\"nicdark_space20\"><\/div>\n                        <a href=\"https:\/\/www.stellwerk-zukunft.de\/?p=4578\" class=\"white nicdark_btn\"><i class=\"icon-doc-text-1 \"><\/i>Read More<\/a>                        \n                    <\/div>\n\n                    <i class=\"icon-pencil-1 nicdark_iconbg right medium green\"><\/i>\n\n                <\/div>\n\n\t\t\t\n\t\t<\/div>\n\n      \n\n\t\t<div style=\"box-sizing:border-box;\" class=\"grid grid_3 percentage nicdark_padding10 nicdark_masonry_item  hilfen-zur-erziehung  news \">\n\t\t\t\n\n\t\t\t\t<div class=\"nicdark_archive1 nicdark_bg_green nicdark_radius nicdark_shadow\">  \n\n\t\t\t\t\t<a href=\"https:\/\/www.stellwerk-zukunft.de\/?p=4449\" class=\"nicdark_zoom nicdark_btn_icon nicdark_bg_green nicdark_border_greendark white medium nicdark_radius_circle nicdark_absolute_left\"><i class=\"icon-link-outline\"><\/i><\/a><div class=\"nicdark_featured_image\"><img decoding=\"async\" alt=\"\" src=\"https:\/\/www.stellwerk-zukunft.de\/wp-content\/uploads\/2019\/08\/kanu-1024x768.jpg\"><\/div>\n\t\t\t\t\t                    \n                    <div class=\"nicdark_margin20 nicdark_post_archive\">\n                        <h4 class=\"white\">Mutter-Tochter-Tag auf der Lohne<\/h4>\n                        <div class=\"nicdark_space20\"><\/div>\n                        <div class=\"nicdark_divider left small\"><span class=\"nicdark_bg_white nicdark_radius\"><\/span><\/div>\n                        <div class=\"nicdark_space20\"><\/div>\n                        <p class=\"white\">[vc_row][vc_column width=&#8220;2\/3&#8243;][vc_empty_space height=&#8220;12px&#8220;][vc_column_text]Im August erfolgte die vierundzwanzigste Mutter-Tochteraktion. M\u00fctter und ihre T\u00f6chter fuhren, von zwei P\u00e4dagoginnen begleitet, mit dem Kanadier oder Kajak von Lembruch nach Diepholz. Der Fokus des Tages lag auf positiv besetzte gemeinsame Zeit mit dem Schwerpunkt auf erlebnisp\u00e4dagogische T\u00e4tigkeit.<\/p>\n                        <div class=\"nicdark_space20\"><\/div>\n                        <a href=\"https:\/\/www.stellwerk-zukunft.de\/?p=4449\" class=\"white nicdark_btn\"><i class=\"icon-doc-text-1 \"><\/i>Read More<\/a>                        \n                    <\/div>\n\n                    <i class=\"icon-pencil-1 nicdark_iconbg right medium green\"><\/i>\n\n                <\/div>\n\n\t\t\t\n\t\t<\/div>\n\n      <\/div>[\/vc_column][\/vc_row]<\/p>\n<\/div>","protected":false},"excerpt":{"rendered":"<p>[vc_row][vc_column width=&#8220;2\/3&#8243;][vc_empty_space][vc_empty_space][vc_empty_space][vc_column_text] \u201eWo keine Hoffnung ist, muss man sie erfinden\u201c Francisco Goya [\/vc_column_text][vc_empty_space height=&#8220;12px&#8220;][vc_column_text] Zielgruppe: &nbsp; Die Aufsuchende Familientherapie (AFT) ist ein systemisch-therapeutisches Konzept. AFT soll Familien erreichen, die mit herk\u00f6mmlichen therapeutischen und Jugendhilfeangeboten nicht oder nicht mehr erreichbar sind. Die AFT richtet sich an Familien mit, z.B. Strukturellen Problemen (z.B. eskalierenden Beziehungskonflikten) Starker Ambivalenz &#8230;<\/p>\n","protected":false},"author":2,"featured_media":0,"parent":0,"menu_order":0,"comment_status":"closed","ping_status":"closed","template":"","meta":{"footnotes":""},"class_list":["post-4337","page","type-page","status-publish","hentry"],"_links":{"self":[{"href":"https:\/\/www.stellwerk-zukunft.de\/index.php?rest_route=\/wp\/v2\/pages\/4337","targetHints":{"allow":["GET"]}}],"collection":[{"href":"https:\/\/www.stellwerk-zukunft.de\/index.php?rest_route=\/wp\/v2\/pages"}],"about":[{"href":"https:\/\/www.stellwerk-zukunft.de\/index.php?rest_route=\/wp\/v2\/types\/page"}],"author":[{"embeddable":true,"href":"https:\/\/www.stellwerk-zukunft.de\/index.php?rest_route=\/wp\/v2\/users\/2"}],"replies":[{"embeddable":true,"href":"https:\/\/www.stellwerk-zukunft.de\/index.php?rest_route=%2Fwp%2Fv2%2Fcomments&post=4337"}],"version-history":[{"count":26,"href":"https:\/\/www.stellwerk-zukunft.de\/index.php?rest_route=\/wp\/v2\/pages\/4337\/revisions"}],"predecessor-version":[{"id":6820,"href":"https:\/\/www.stellwerk-zukunft.de\/index.php?rest_route=\/wp\/v2\/pages\/4337\/revisions\/6820"}],"wp:attachment":[{"href":"https:\/\/www.stellwerk-zukunft.de\/index.php?rest_route=%2Fwp%2Fv2%2Fmedia&parent=4337"}],"curies":[{"name":"wp","href":"https:\/\/api.w.org\/{rel}","templated":true}]}}