{"id":56,"date":"2015-12-13T14:16:29","date_gmt":"2015-12-13T13:16:29","guid":{"rendered":"http:\/\/www.kreutzmann-kommunikation.de\/sz\/?page_id=56"},"modified":"2023-11-28T11:08:44","modified_gmt":"2023-11-28T10:08:44","slug":"fruehfoerderung","status":"publish","type":"page","link":"https:\/\/www.stellwerk-zukunft.de\/?page_id=56","title":{"rendered":"Fr\u00fchf\u00f6rderung"},"content":{"rendered":"<div class=\"wpb-content-wrapper\"><p>[vc_row 0=&#8220;&#8220;][vc_column width=&#8220;2\/3&#8243;][vc_empty_space 0=&#8220;&#8220;]<h2 style=\"color:#e1bc00;\" class=\" title left\">Fr\u00fchf\u00f6rderung und Entwicklungsberatung<\/h2>[vc_empty_space 0=&#8220;&#8220;]<div class=\"nicdark_divider  left small \"><span style=\"background-color:#e1bc00;\" class=\"nicdark_radius\"><\/span><\/div>[vc_empty_space 0=&#8220;&#8220;][vc_column_text 0=&#8220;&#8220;]Die Fr\u00fchf\u00f6rderung ist eine Einrichtung f\u00fcr Familien\u00a0mit S\u00e4uglingen und Kindern im Vorschulalter, die in ihrer\u00a0Entwicklung Unterst\u00fctzung ben\u00f6tigen.<\/p>\n<p>&nbsp;<\/p>\n<p>In partnerschaftlicher Zusammenarbeit von Eltern\u00a0und Fachleuten zielen unsere Unterst\u00fctzungs- und\u00a0F\u00f6rderangebote darauf, die Eigenkr\u00e4fte der Kinder\u00a0mit Entwicklungsverz\u00f6gerungen, drohender Behinderung\u00a0und\/oder Behinderung zu st\u00e4rken und zu entwickeln\u00a0sowie die Entwicklung anzuregen.<\/p>\n<p>&nbsp;<\/p>\n<p><a href=\"https:\/\/www.stellwerk-zukunft.de\/wp-content\/uploads\/2019\/04\/Fotolia_95017080_L.jpg\"><img loading=\"lazy\" decoding=\"async\" class=\"size-medium wp-image-3990 alignleft\" src=\"https:\/\/www.stellwerk-zukunft.de\/wp-content\/uploads\/2019\/04\/Fotolia_95017080_L-300x200.jpg\" alt=\"\" width=\"300\" height=\"200\" srcset=\"https:\/\/www.stellwerk-zukunft.de\/wp-content\/uploads\/2019\/04\/Fotolia_95017080_L-300x200.jpg 300w, https:\/\/www.stellwerk-zukunft.de\/wp-content\/uploads\/2019\/04\/Fotolia_95017080_L-768x512.jpg 768w, https:\/\/www.stellwerk-zukunft.de\/wp-content\/uploads\/2019\/04\/Fotolia_95017080_L-1024x683.jpg 1024w, https:\/\/www.stellwerk-zukunft.de\/wp-content\/uploads\/2019\/04\/Fotolia_95017080_L-1180x787.jpg 1180w\" sizes=\"auto, (max-width: 300px) 100vw, 300px\" \/><\/a>Kinder sind darauf ausgerichtet zu wachsen und\u00a0sich in ihrem eigenen Tempo zu vervollkommnen. Ihre\u00a0Einzigartigkeit, ihr Recht auf Zuwendung, Selbstbestimmung und Autonomie pr\u00e4gen die Gestaltung\u00a0unserer Arbeit.<\/p>\n<p>Die Zusammenarbeit mit den Eltern und dem weiteren sozialen\u00a0Umfeld (Familie, Kindertagesst\u00e4tten, u. w.) sind uns sehr wichtig. \u00a0Wenn Eltern m\u00f6chten, bieten wir ebenfalls eine Entwicklungsdiagnostik zur Fr\u00fcherkennung, zu Hause oder in unseren R\u00e4umlichkeiten. Auch hier in Zusammenarbeit mit Kinderarzt, Kindergarten o. a. Diese Entwicklungseinsch\u00e4tzung und die W\u00fcnsche der Eltern werden Grundlage eines individuellen F\u00f6rderplanes. Das Angebot der Fr\u00fchf\u00f6rderung basiert auf Sozialgesetzb\u00fccher und die Kosten werden vom jeweiligen \u00f6rtlichen Landkreis \u00fcbernommen, meist f\u00fcr zun\u00e4chst ein Jahr.<\/p>\n<p>&nbsp;<\/p>\n<p><span style=\"color: #000000;\">Bei der Beantragung sind wir den Eltern gern behilflich.<\/span><\/p>\n<p>&nbsp;<\/p>\n<p>Angebote:<\/p>\n<p>. heilp\u00e4dagogische Ma\u00dfnahmen<br \/>\n\u2022 Wahrnehmungsf\u00f6rderung<br \/>\n\u2022 Psychomotorische Angebote<br \/>\n\u2022 Kreatives Gestalten<br \/>\n\u2022 Sprachanbahnung<br \/>\n\u2022 Sprachf\u00f6rderung<\/p>\n<p>&nbsp;<\/p>\n<p>Sie und Ihre Familie st\u00e4rken und unterst\u00fctzen wir durch\u00a0eine Vielzahl von Hilfen. Dazu geh\u00f6ren neben der Beratung\u00a0(zur Entwicklung, F\u00f6rderung, Erziehung, bei Problemen,\u00a0u. w.) die Vermittlung von Kontakten\u00a0zu anderen Familien, zu Eltern- und\u00a0Selbsthilfegruppen\u00a0und weiteren Hilfen sowie Themenabende und\u00a0Informationen zu sozialen und rechtlichen Leistungen.<\/p>\n<p>&nbsp;<\/p>\n<p>Wenn Sie mehr wissen m\u00f6chten, nutzen Sie unsere Elterninfo zum Downloaden oder vereinbaren Sie direkt einen Termin mit der Einrichtung in Vechta oder Sedelsberg.[\/vc_column_text][vc_empty_space 0=&#8220;&#8220;][vc_row_inner][vc_column_inner width=&#8220;1\/3&#8243;][\/vc_column_inner][vc_column_inner width=&#8220;1\/3&#8243;][vc_btn title=&#8220;Download Flyer&#8220; color=&#8220;default&#8220; i_icon_fontawesome=&#8220;fa fa-download&#8220; add_icon=&#8220;true&#8220; link=&#8220;url:https%3A%2F%2Fwww.stellwerk-zukunft.de%2Fwp-content%2Fuploads%2F2019%2F04%2FSZ-Flyer-Fr%C3%BChf%C3%B6rderung.pdf||target:%20_blank|&#8220;][\/vc_column_inner][vc_column_inner width=&#8220;1\/3&#8243;][\/vc_column_inner][\/vc_row_inner][vc_empty_space 0=&#8220;&#8220;]<h2 style=\"color:#e1bc00;\" class=\" title left\">Spezielle Angebote im Bereich Fr\u00fchf\u00f6rderung:<\/h2>[vc_empty_space height=&#8220;12px&#8220;][\/vc_column][vc_column width=&#8220;1\/3&#8243;][vc_empty_space 0=&#8220;&#8220;][vc_column_text 0=&#8220;&#8220;]<\/p>\n<h3>Leitung der Fr\u00fchf\u00f6rderung:<\/h3>\n<p>[\/vc_column_text][vc_empty_space height=&#8220;12px&#8220;]\n\n\n   <div class=\" nicdark_archive1 nicdark_bg_yellow nicdark_radius nicdark_shadow\">\n\n        <div class=\"nicdark_textevidence nicdark_width_percentage40 nicdark_width100_responsive\">\n            <img decoding=\"async\" alt=\"\" class=\"nicdark_radius_left nicdark_opacity\" src=\"https:\/\/www.stellwerk-zukunft.de\/wp-content\/uploads\/2023\/09\/Katharina-1024x1024.jpg\">\n        <\/div>\n        \n        <div class=\"nicdark_textevidence nicdark_width_percentage60 nicdark_width100_responsive\">\n            <div class=\"nicdark_margin20\">\n            \n                <h4 class=\"white\">Katharina Moormann<\/h4>                        \n                <div class=\"nicdark_space20\"><\/div>\n                <div class=\"nicdark_divider left small\"><span class=\"nicdark_bg_white nicdark_radius\"><\/span><\/div>\n                <div class=\"nicdark_space20\"><\/div>\n                <p class=\"white\">Dipl. Soz. P\u00e4d.\/Soz. Arb.<br \/>\nSystemische Beraterin<br \/>\nFamiliensprechstunde (nifbe)<\/p>\n                <div class=\"nicdark_space20\"><\/div>\n                \n\n            <\/div>\n        <\/div>\n\n        \n\n    <\/div>\n\n   [vc_row_inner 0=&#8220;&#8220;][vc_column_inner][vc_icon icon_fontawesome=&#8220;fa fa-envelope&#8220; color=&#8220;custom&#8220; size=&#8220;sm&#8220; align=&#8220;center&#8220; custom_color=&#8220;#e1bc00&#8243; link=&#8220;url:mailto%3Amoormann%40stellwerk-zukunft.de|title:e-Mail%20an%20Katharina%20Moormann||&#8220;][\/vc_column_inner][\/vc_row_inner][\/vc_column][vc_column][\/vc_column][\/vc_row][vc_row css=&#8220;.vc_custom_1556031416397{padding-top: 30px !important;padding-bottom: 10px !important;background-color: #e1bc00 !important;background-position: center !important;background-repeat: no-repeat !important;background-size: cover !important;}&#8220;][vc_column 0=&#8220;&#8220; width=&#8220;1\/4&#8243;][vc_btn title=&#8220;ambulante Fr\u00fchf\u00f6rderung&#8220; style=&#8220;3d&#8220; color=&#8220;default&#8220; link=&#8220;url:https%3A%2F%2Fwww.stellwerk-zukunft.de%2F%3Fpage_id%3D3938|||&#8220;][\/vc_column][vc_column width=&#8220;1\/4&#8243;][vc_btn title=&#8220;Entwicklungsberatung&#8220; style=&#8220;3d&#8220; color=&#8220;default&#8220; link=&#8220;|||&#8220;][\/vc_column][vc_column width=&#8220;1\/4&#8243;][vc_btn title=&#8220;Fachberatung&#8220; style=&#8220;3d&#8220; color=&#8220;default&#8220; link=&#8220;url:https%3A%2F%2Fwww.stellwerk-zukunft.de%2F%3Fpage_id%3D3996|||&#8220;][\/vc_column][vc_column width=&#8220;1\/4&#8243;][vc_btn title=&#8220;Fortbildungs- und Kursangebot&#8220; style=&#8220;3d&#8220; color=&#8220;default&#8220; size=&#8220;sm&#8220; link=&#8220;|||&#8220;][\/vc_column][\/vc_row][vc_row][vc_column][vc_column_text]<\/p>\n<p>[\/vc_column_text][\/vc_column][\/vc_row]<\/p>\n<\/div>","protected":false},"excerpt":{"rendered":"<p>[vc_row 0=&#8220;&#8220;][vc_column width=&#8220;2\/3&#8243;][vc_empty_space 0=&#8220;&#8220;][vc_empty_space 0=&#8220;&#8220;][vc_empty_space 0=&#8220;&#8220;][vc_column_text 0=&#8220;&#8220;]Die Fr\u00fchf\u00f6rderung ist eine Einrichtung f\u00fcr Familien\u00a0mit S\u00e4uglingen und Kindern im Vorschulalter, die in ihrer\u00a0Entwicklung Unterst\u00fctzung ben\u00f6tigen. &nbsp; In partnerschaftlicher Zusammenarbeit von Eltern\u00a0und Fachleuten zielen unsere Unterst\u00fctzungs- und\u00a0F\u00f6rderangebote darauf, die Eigenkr\u00e4fte der Kinder\u00a0mit Entwicklungsverz\u00f6gerungen, drohender Behinderung\u00a0und\/oder Behinderung zu st\u00e4rken und zu entwickeln\u00a0sowie die Entwicklung anzuregen. &nbsp; Kinder sind darauf &#8230;<\/p>\n","protected":false},"author":3,"featured_media":0,"parent":0,"menu_order":0,"comment_status":"closed","ping_status":"closed","template":"","meta":{"footnotes":""},"class_list":["post-56","page","type-page","status-publish","hentry"],"_links":{"self":[{"href":"https:\/\/www.stellwerk-zukunft.de\/index.php?rest_route=\/wp\/v2\/pages\/56","targetHints":{"allow":["GET"]}}],"collection":[{"href":"https:\/\/www.stellwerk-zukunft.de\/index.php?rest_route=\/wp\/v2\/pages"}],"about":[{"href":"https:\/\/www.stellwerk-zukunft.de\/index.php?rest_route=\/wp\/v2\/types\/page"}],"author":[{"embeddable":true,"href":"https:\/\/www.stellwerk-zukunft.de\/index.php?rest_route=\/wp\/v2\/users\/3"}],"replies":[{"embeddable":true,"href":"https:\/\/www.stellwerk-zukunft.de\/index.php?rest_route=%2Fwp%2Fv2%2Fcomments&post=56"}],"version-history":[{"count":106,"href":"https:\/\/www.stellwerk-zukunft.de\/index.php?rest_route=\/wp\/v2\/pages\/56\/revisions"}],"predecessor-version":[{"id":6760,"href":"https:\/\/www.stellwerk-zukunft.de\/index.php?rest_route=\/wp\/v2\/pages\/56\/revisions\/6760"}],"wp:attachment":[{"href":"https:\/\/www.stellwerk-zukunft.de\/index.php?rest_route=%2Fwp%2Fv2%2Fmedia&parent=56"}],"curies":[{"name":"wp","href":"https:\/\/api.w.org\/{rel}","templated":true}]}}